{"id":932,"date":"2015-09-16T14:19:54","date_gmt":"2015-09-16T12:19:54","guid":{"rendered":"https:\/\/www.editionkeiper.at\/shop\/produkt\/im-regen-die-tinte\/"},"modified":"2021-03-08T21:49:12","modified_gmt":"2021-03-08T20:49:12","slug":"im-regen-die-tinte","status":"publish","type":"product","link":"https:\/\/www.editionkeiper.at\/shop\/produkt\/im-regen-die-tinte\/","title":{"rendered":"Im Regen die Tinte"},"content":{"rendered":"<h2>Im Regen die Tinte<\/h2>\n<p>Herausgegeben von <strong><a href=\"https:\/\/www.editionkeiper.at\/shop\/faschingbauer-sigi\/\">Sigi Faschingbauer<\/a><br \/>\n<\/strong><\/p>\n<p>Ein Projekt der Steirischen Kulturinitiative, mit Fotos von Ulrike Rauch und Beitr\u00e4gen von Birgit P\u00f6lzl, Wolfgang Pollanz und Liesl K\u00f6gl.<\/p>\n<p>Zu Beginn 2014 begann Sigi Faschingbauer, zeitgem\u00e4\u00df interpretierte steirische Musik \u2013 oder auch die s\u00fcdweststeirische Entsprechung des Blues, dieser Melange urspr\u00fcnglicher Ausdrucksweisen aus verschiedenen Sph\u00e4ren \u2013 in Bildwerken auszudr\u00fccken, d. h. Nebelherbstliches und m\u00f6glichst Schlichtes, damit aber weniger Herbstbuntes, auf Papier oder Leinwand aufzutragen. Faschingbauer zeichnet und malt skriptural, deshalb sind Texte substanzielle Bestandteile seiner Bilder, er \u201everarbeitet\u201c Texte und bringt das, was er mitteilen will, mittels einer Verschmelzung aus Literatur und Bildender Kunst zum Ausdruck. Im vorliegende Werkbuch wird das s\u00fcdweststeirischen Lebensgef\u00fchl auf vielf\u00e4ltige Weise wiedergegeben \u2013 durch Texte von Birgit P\u00f6lzl und Wolfgang Pollanz ebenso wie durch unvergleichliche Fotos von Ulrike Rauch und Musik von Michael Krusche, dem einf\u00fchlsamen Barden mit dem unnachahmlichen Stil. Diese Beitr\u00e4ge ranken sich \u2013 vervollkommnenden Splittern gleich \u2013 um Bilder und Texte von Sigi Faschingbauer und werden von Liesl K\u00f6gl und ihrer steirischen Kochkunst perfekt erg\u00e4nzt. Eine Einladung zum Sehen, zum H\u00f6ren und Erf\u00fchlen einer der sch\u00f6nsten Gegenden in \u00d6sterreich!<\/p>\n<p>&nbsp;<\/p>\n<p><strong>Preis:<\/strong> AT \u20ac 24,80 \/ DE \u20ac 24.12<\/p>\n<p><strong>Seiten:<\/strong>\u00a0160<\/p>\n<p><strong>ISBN13:<\/strong>\u00a0978-3-902901-83-5<\/p>\n<p><strong>Erscheinungsdatum:<\/strong>\u00a016.09.2015<\/p>\n<p><strong>Sprache:<\/strong>\u00a0Deutsch<\/p>\n<p><strong>Format:<\/strong>\u00a031,5 x 25,0 cm; fester Einband (Hardcover)<\/p>\n","protected":false},"excerpt":{"rendered":"<p>Im vorliegenden Werkbuch wird das s\u00fcdweststeirischen Lebensgef\u00fchl auf vielf\u00e4ltige Weise wiedergegeben \u2013 durch Texte von Birgit P\u00f6lzl und Wolfgang Pollanz ebenso wie durch unvergleichliche Fotos von Ulrike Rauch und Musik von Michael Krusche, dem einf\u00fchlsamen Barden mit dem unnachahmlichen Stil. Diese Beitr\u00e4ge ranken sich \u2013 vervollkommnenden Splittern gleich \u2013 um Bilder und Texte von Sigi Faschingbauer und werden von Liesl K\u00f6gl und ihrer steirischen Kochkunst perfekt erg\u00e4nzt.<\/p>\n","protected":false},"featured_media":1419,"comment_status":"closed","ping_status":"closed","template":"","meta":[],"etheme_brands":[],"product_brand":[],"product_cat":[1364],"product_tag":[714,295,712,302,716,706,715,124,705,117,713,630,707,119,697,719,709,703,710,720,718,209,711,717,704,121,708],"yst_prominent_words":[],"class_list":{"0":"post-932","1":"product","2":"type-product","3":"status-publish","4":"has-post-thumbnail","6":"product_cat-kunst-und-fotografie","7":"product_tag-birgit-poelzl","8":"product_tag-blau","9":"product_tag-blues","10":"product_tag-das-foerderband","11":"product_tag-der-taenzer-roman","12":"product_tag-der-taenzer-werkbuch","13":"product_tag-faschingabuer","14":"product_tag-fotografie","15":"product_tag-interdisziplinaer","16":"product_tag-keiper","17":"product_tag-kornblumen","18":"product_tag-kulinarik","19":"product_tag-kultur","20":"product_tag-kunst","21":"product_tag-kunstbuch","22":"product_tag-liedertexte","23":"product_tag-liesl-koegl","24":"product_tag-mehrspartenprojekt","25":"product_tag-michael-krusche","26":"product_tag-musik","27":"product_tag-skriptorale-kunst","28":"product_tag-steiermark","29":"product_tag-sued-steiermark","30":"product_tag-suedweststeiermark","31":"product_tag-ulrike-rauch","32":"product_tag-verlag","33":"product_tag-wolfgang-pollanz","35":"first","36":"instock","37":"shipping-taxable","38":"purchasable","39":"product-type-simple"},"_links":{"self":[{"href":"https:\/\/www.editionkeiper.at\/shop\/wp-json\/wp\/v2\/product\/932","targetHints":{"allow":["GET"]}}],"collection":[{"href":"https:\/\/www.editionkeiper.at\/shop\/wp-json\/wp\/v2\/product"}],"about":[{"href":"https:\/\/www.editionkeiper.at\/shop\/wp-json\/wp\/v2\/types\/product"}],"replies":[{"embeddable":true,"href":"https:\/\/www.editionkeiper.at\/shop\/wp-json\/wp\/v2\/comments?post=932"}],"wp:featuredmedia":[{"embeddable":true,"href":"https:\/\/www.editionkeiper.at\/shop\/wp-json\/wp\/v2\/media\/1419"}],"wp:attachment":[{"href":"https:\/\/www.editionkeiper.at\/shop\/wp-json\/wp\/v2\/media?parent=932"}],"wp:term":[{"taxonomy":"brand","embeddable":true,"href":"https:\/\/www.editionkeiper.at\/shop\/wp-json\/wp\/v2\/etheme_brands?post=932"},{"taxonomy":"product_brand","embeddable":true,"href":"https:\/\/www.editionkeiper.at\/shop\/wp-json\/wp\/v2\/product_brand?post=932"},{"taxonomy":"product_cat","embeddable":true,"href":"https:\/\/www.editionkeiper.at\/shop\/wp-json\/wp\/v2\/product_cat?post=932"},{"taxonomy":"product_tag","embeddable":true,"href":"https:\/\/www.editionkeiper.at\/shop\/wp-json\/wp\/v2\/product_tag?post=932"},{"taxonomy":"yst_prominent_words","embeddable":true,"href":"https:\/\/www.editionkeiper.at\/shop\/wp-json\/wp\/v2\/yst_prominent_words?post=932"}],"curies":[{"name":"wp","href":"https:\/\/api.w.org\/{rel}","templated":true}]}}