{"id":4748,"date":"2019-04-09T11:49:28","date_gmt":"2019-04-09T09:49:28","guid":{"rendered":"https:\/\/www.editionkeiper.at\/shop\/?post_type=product&#038;p=4748"},"modified":"2021-03-09T09:23:17","modified_gmt":"2021-03-09T08:23:17","slug":"leuchttuerme-prosagedichte","status":"publish","type":"product","link":"https:\/\/www.editionkeiper.at\/shop\/produkt\/leuchttuerme-prosagedichte\/","title":{"rendered":"Leuchtt\u00fcrme &#8211; Prosagedichte"},"content":{"rendered":"<h2>Leuchtt\u00fcrme<\/h2>\n<p><strong><span class=\"readonlyText\" title=\"Chronik einer Grazer Familie\">Prosagedichte<\/span><\/strong><\/p>\n<p><strong><strong><span class=\"readonlyText\">von <\/span><a href=\"https:\/\/www.editionkeiper.at\/shop\/hiebel-hans-helmut\/\">Hans H. Hiebel<\/a><br \/>\n<\/strong><\/strong><\/p>\n<p>\u00bbLeuchtt\u00fcrme\u00ab (\u00bbPhares\u00ab) nannte Charles Baudelaire in seinen \u00bbBlumen des B\u00f6sen\u00ab bewunderte Malergr\u00f6\u00dfen.<\/p>\n<p>In diesem Sinn werden in dem vorliegenden Buch Portraits von gro\u00dfen Autoren (z. B. Ezra Pound, Bertolt Brecht, Franz Kafka, Samuel Beckett, Georg B\u00fcchner, Fj\u00f3dor Dostoj\u00e9vskij oder Karl Marx) und von Pablo Picasso versammelt. Es handelt sich um Verdichtungen in Prosa, um \u00bbProsagedichte\u00ab.<br \/>\nIhre Form ist die Collage.<\/p>\n<p><strong>Preis:<\/strong> AT \u20ac 22,00 \/ DE \u20ac 21,40<\/p>\n<p><strong>ISBN13:<\/strong> 978-3-903144-86-6<\/p>\n<p><strong>Erscheinungsdatum:<\/strong> 10.05.2019<\/p>\n<p><strong>Seiten:<\/strong> 136<\/p>\n<p><strong>Sprache:<\/strong>\u00a0Deutsch<\/p>\n<p><strong>Format:<\/strong> 23,5 x 16,5 cm; Pappband<\/p>\n","protected":false},"excerpt":{"rendered":"<p><strong><span class=\"readonlyText\" title=\"Chronik einer Grazer Familie\">Prosagedichte<\/span><\/strong><\/p>\n<p>\u00bbLeuchtt\u00fcrme\u00ab (\u00bbPhares\u00ab) nannte Charles Baudelaire in seinen \u00bbBlumen des B\u00f6sen\u00ab bewunderte Malergr\u00f6\u00dfen.<\/p>\n<p>In diesem Sinn werden in dem vorliegenden Buch Portraits von gro\u00dfen Autoren (z. B. Ezra Pound, Bertolt Brecht, Franz Kafka, Samuel Beckett, Georg B\u00fcchner, Fj\u00f3dor Dostoj\u00e9vskij oder Karl Marx) und von Pablo Picasso versammelt. Es handelt sich um Verdichtungen in Prosa, um \u00bbProsagedichte\u00ab.<br \/>\nIhre Form ist die Collage.<\/p>\n","protected":false},"featured_media":4750,"comment_status":"closed","ping_status":"closed","template":"","meta":[],"etheme_brands":[],"product_brand":[],"product_cat":[3686],"product_tag":[356,289,241,2218,1171,117,348,174,323,2796,2795,209,121,109],"yst_prominent_words":[],"class_list":{"0":"post-4748","1":"product","2":"type-product","3":"status-publish","4":"has-post-thumbnail","6":"product_cat-gedichte","7":"product_tag-edition-keiper","8":"product_tag-gedichte","9":"product_tag-graz","10":"product_tag-hans-h-hiebel","11":"product_tag-interpretationen","12":"product_tag-keiper","13":"product_tag-literatur","14":"product_tag-lyrik","15":"product_tag-oesterreich","16":"product_tag-prosa","17":"product_tag-prosagedichte","18":"product_tag-steiermark","19":"product_tag-verlag","20":"product_tag-www-editionkeiper-at","22":"first","23":"instock","24":"shipping-taxable","25":"purchasable","26":"product-type-simple"},"_links":{"self":[{"href":"https:\/\/www.editionkeiper.at\/shop\/wp-json\/wp\/v2\/product\/4748","targetHints":{"allow":["GET"]}}],"collection":[{"href":"https:\/\/www.editionkeiper.at\/shop\/wp-json\/wp\/v2\/product"}],"about":[{"href":"https:\/\/www.editionkeiper.at\/shop\/wp-json\/wp\/v2\/types\/product"}],"replies":[{"embeddable":true,"href":"https:\/\/www.editionkeiper.at\/shop\/wp-json\/wp\/v2\/comments?post=4748"}],"wp:featuredmedia":[{"embeddable":true,"href":"https:\/\/www.editionkeiper.at\/shop\/wp-json\/wp\/v2\/media\/4750"}],"wp:attachment":[{"href":"https:\/\/www.editionkeiper.at\/shop\/wp-json\/wp\/v2\/media?parent=4748"}],"wp:term":[{"taxonomy":"brand","embeddable":true,"href":"https:\/\/www.editionkeiper.at\/shop\/wp-json\/wp\/v2\/etheme_brands?post=4748"},{"taxonomy":"product_brand","embeddable":true,"href":"https:\/\/www.editionkeiper.at\/shop\/wp-json\/wp\/v2\/product_brand?post=4748"},{"taxonomy":"product_cat","embeddable":true,"href":"https:\/\/www.editionkeiper.at\/shop\/wp-json\/wp\/v2\/product_cat?post=4748"},{"taxonomy":"product_tag","embeddable":true,"href":"https:\/\/www.editionkeiper.at\/shop\/wp-json\/wp\/v2\/product_tag?post=4748"},{"taxonomy":"yst_prominent_words","embeddable":true,"href":"https:\/\/www.editionkeiper.at\/shop\/wp-json\/wp\/v2\/yst_prominent_words?post=4748"}],"curies":[{"name":"wp","href":"https:\/\/api.w.org\/{rel}","templated":true}]}}