{"id":4704,"date":"2019-03-29T13:28:33","date_gmt":"2019-03-29T12:28:33","guid":{"rendered":"https:\/\/www.editionkeiper.at\/shop\/?post_type=product&#038;p=4704"},"modified":"2021-03-09T09:22:51","modified_gmt":"2021-03-09T08:22:51","slug":"jahrgang-1936-chronik-einer-grazer-familie","status":"publish","type":"product","link":"https:\/\/www.editionkeiper.at\/shop\/produkt\/jahrgang-1936-chronik-einer-grazer-familie\/","title":{"rendered":"Jahrgang 1936  &#8211; Chronik einer Grazer Familie"},"content":{"rendered":"<h2>Jahrgang 1936<\/h2>\n<p><strong><span class=\"readonlyText\" title=\"Chronik einer Grazer Familie\">Chronik einer Grazer Familie<\/span><\/strong><\/p>\n<p><strong><strong><span class=\"readonlyText\">von <\/span><a href=\"https:\/\/www.editionkeiper.at\/shop\/lipsky-herbert\/\"><span class=\"readonlyText\">Herbert Lipsky<\/span><\/a><br \/>\n<\/strong><\/strong><\/p>\n<p><span class=\"readonlyText multiple\">Als sein Vater im M\u00e4rz 1957 bei einem Verkehrsunfall ums Leben kommt, beginnt sich der Medizinstudent Lukas Steiner intensiv mit der Geschichte seiner Familie in der Kriegs- und Nachkriegszeit auseinanderzusetzen und l\u00e4sst auch eigene traumatische Kindheitserlebnisse Revue passieren. Durch die Erz\u00e4hlungen der Gro\u00dfeltern und die Tagebuchaufzeichnungen seines Vaters bekommt er schrittweise Einblick in die historischen Zusammenh\u00e4nge rund um den Aufstieg des Nationalsozialismus und die nachfolgenden Kriegsereignisse. Bei seinen Nachforschungen st\u00f6\u00dft er auf die damals in der Steiermark ma\u00dfgeblichen politischen Akteure, deren Biographien sein besonderes Interesse erwecken. Die Komplexit\u00e4t jener Zeit spiegelt sich auch in seinem privaten Umfeld wider \u2013 in der Familie gibt es sowohl \u00fcberzeugte Nazis wie auch leidenschaftliche Kommunisten.<br \/>\nIn der Folge wird Lukas zum Chronisten der sechziger und siebziger Jahre \u2013 als junger Arzt erlebt er die \u00c4ra des Wiederaufbaus und Wirtschaftsaufschwungs, verfolgt das Weltgeschehen und die Ereignisse, die \u00d6sterreich bewegen, wird Zeuge einer langsam einsetzenden Vergangenheitsbew\u00e4ltigung, bleibt skeptisch gegen\u00fcber der 68er-Bewegung, etabliert sich als Wissenschaftler und gr\u00fcndet eine Familie \u2013 und vermittelt bei all dem auch immer wieder ein sehr lebendiges Bild vom Leben in seiner Heimatstadt Graz.<\/span><\/p>\n<p>&nbsp;<\/p>\n<p><strong>Preis:<\/strong> AT \u20ac 24,00 \/ DE \u20ac 23,35<\/p>\n<p><strong>ISBN13:<\/strong> 978-3-903144-84-2<\/p>\n<p><strong>Erscheinungsdatum:<\/strong> 29.03.2019<\/p>\n<p><strong>Seiten:<\/strong> 300<\/p>\n<p><strong>Sprache:<\/strong>\u00a0Deutsch<\/p>\n<p><strong>Format:<\/strong> 20 x 12 cm; Pappband<\/p>\n","protected":false},"excerpt":{"rendered":"<p><strong><span class=\"readonlyText\" title=\"Chronik einer Grazer Familie\">Chronik einer Grazer Familie<\/span><\/strong><\/p>\n<p><span class=\"readonlyText multiple\">Als sein Vater im M\u00e4rz 1957 bei einem Verkehrsunfall ums Leben kommt, beginnt sich der Medizinstudent Lukas Steiner intensiv mit der Geschichte seiner Familie in der Kriegs- und Nachkriegszeit auseinanderzusetzen und l\u00e4sst auch eigene traumatische Kindheitserlebnisse Revue passieren. <\/span><\/p>\n","protected":false},"featured_media":4708,"comment_status":"open","ping_status":"closed","template":"","meta":[],"etheme_brands":[],"product_brand":[],"product_cat":[3682],"product_tag":[2757,356,280,879,273,241,117,1325,2759,323,209,121,2758,109],"yst_prominent_words":[3208],"class_list":{"0":"post-4704","1":"product","2":"type-product","3":"status-publish","4":"has-post-thumbnail","6":"product_cat-zeitgeschichte","7":"product_tag-chronik-einer-grazer-familie","8":"product_tag-edition-keiper","9":"product_tag-familie","10":"product_tag-familienroman","11":"product_tag-generationen","12":"product_tag-graz","13":"product_tag-keiper","14":"product_tag-krieg","15":"product_tag-nachkriegszeit","16":"product_tag-oesterreich","17":"product_tag-steiermark","18":"product_tag-verlag","19":"product_tag-weltkrieg","20":"product_tag-www-editionkeiper-at","22":"first","23":"instock","24":"shipping-taxable","25":"purchasable","26":"product-type-simple"},"_links":{"self":[{"href":"https:\/\/www.editionkeiper.at\/shop\/wp-json\/wp\/v2\/product\/4704","targetHints":{"allow":["GET"]}}],"collection":[{"href":"https:\/\/www.editionkeiper.at\/shop\/wp-json\/wp\/v2\/product"}],"about":[{"href":"https:\/\/www.editionkeiper.at\/shop\/wp-json\/wp\/v2\/types\/product"}],"replies":[{"embeddable":true,"href":"https:\/\/www.editionkeiper.at\/shop\/wp-json\/wp\/v2\/comments?post=4704"}],"wp:featuredmedia":[{"embeddable":true,"href":"https:\/\/www.editionkeiper.at\/shop\/wp-json\/wp\/v2\/media\/4708"}],"wp:attachment":[{"href":"https:\/\/www.editionkeiper.at\/shop\/wp-json\/wp\/v2\/media?parent=4704"}],"wp:term":[{"taxonomy":"brand","embeddable":true,"href":"https:\/\/www.editionkeiper.at\/shop\/wp-json\/wp\/v2\/etheme_brands?post=4704"},{"taxonomy":"product_brand","embeddable":true,"href":"https:\/\/www.editionkeiper.at\/shop\/wp-json\/wp\/v2\/product_brand?post=4704"},{"taxonomy":"product_cat","embeddable":true,"href":"https:\/\/www.editionkeiper.at\/shop\/wp-json\/wp\/v2\/product_cat?post=4704"},{"taxonomy":"product_tag","embeddable":true,"href":"https:\/\/www.editionkeiper.at\/shop\/wp-json\/wp\/v2\/product_tag?post=4704"},{"taxonomy":"yst_prominent_words","embeddable":true,"href":"https:\/\/www.editionkeiper.at\/shop\/wp-json\/wp\/v2\/yst_prominent_words?post=4704"}],"curies":[{"name":"wp","href":"https:\/\/api.w.org\/{rel}","templated":true}]}}