{"id":4495,"date":"2019-01-07T16:13:42","date_gmt":"2019-01-07T15:13:42","guid":{"rendered":"https:\/\/www.editionkeiper.at\/shop\/produkt\/das-zuechten-von-kakteen-inmitten-einer-ueppigen-landschaft\/"},"modified":"2021-03-09T09:13:27","modified_gmt":"2021-03-09T08:13:27","slug":"das-zuechten-von-kakteen-inmitten-einer-ueppigen-landschaft","status":"publish","type":"product","link":"https:\/\/www.editionkeiper.at\/shop\/produkt\/das-zuechten-von-kakteen-inmitten-einer-ueppigen-landschaft\/","title":{"rendered":"Das Z\u00fcchten von Kakteen inmitten einer \u00fcppigen Landschaft"},"content":{"rendered":"<h2>Das Z\u00fcchten von Kakteen inmitten einer \u00fcppigen Landschaft<\/h2>\n<p><strong>Ein Lesebuch<\/strong><\/p>\n<p>von<strong> <strong><a href=\"https:\/\/www.editionkeiper.at\/shop\/pollanz-wolfgang\/\">Wolfgang Pollanz<\/a><br \/>\n<\/strong><\/strong><\/p>\n<p>Wolfgang Pollanz legt mit seinem Lesebuch <em>Das Z\u00fcchten von Kakteen inmitten einer \u00fcppigen Landschaft<\/em> eine Schau \u2013 eine R\u00fcckschau \u2013 vor. R\u00fcckblickend und r\u00fccklesend kann man seine schriftstellerische Laufbahn verfolgen, von heute bis zu den Anf\u00e4ngen in den Siebzigerjahren. Die grandiosen Beschreibungen, die den gef\u00fchlvollen Schriftsteller zeigen, die unterhaltsamen Spielereien, die Arbeiten entlang von geistreichen Vorgaben, die Erinnerungen, die eine Welt, wie sie nicht mehr sein wird, hochhalten \u2013 das alles m\u00fcndet in ein inspirierendes Leseerlebnis, getragen von sprachlicher Sicherheit und beeindruckender K\u00f6nnerschaft.<\/p>\n<p>&nbsp;<\/p>\n<p><strong>Preis:<\/strong> AT \u20ac 24,00 \/ DE \u20ac 23,35<\/p>\n<p><strong>ISBN13:<\/strong> 978-3-903144-75-0<\/p>\n<p><strong>Erscheinungsdatum:<\/strong>\u00a001.02.2019<\/p>\n<p><strong>Seiten:<\/strong>\u00a0296<\/p>\n<p><strong>Sprache:<\/strong>\u00a0Deutsch<\/p>\n<p><strong>Format:<\/strong>\u00a020,0 x 12,0 cm;\u00a0Hardcover<\/p>\n<p>&nbsp;<\/p>\n<p>Podcast von G\u00fcnter Encic &#8222;Geschichten&#8220;.<br \/>\n<a href=\"http:\/\/www.guenterencic.at\" target=\"_blank\" rel=\"noopener noreferrer\">www.guenterencic.at<\/a><br \/>\nG\u00fcnter Encic auf <a href=\"https:\/\/www.youtube.com\/channel\/UCfxdaEm3O5A1WSd3noxN1-Q\" target=\"_blank\" rel=\"noopener noreferrer\">Youtube<\/a><\/p>\n<p><iframe loading=\"lazy\" title=\"&quot;Geschichten&quot; - der Podcast aus der Literaturhauptstadt Graz. Ausgabe 28052019\" width=\"1170\" height=\"658\" src=\"https:\/\/www.youtube.com\/embed\/0HKL9caah0Y?feature=oembed\" frameborder=\"0\" allow=\"accelerometer; autoplay; clipboard-write; encrypted-media; gyroscope; picture-in-picture\" allowfullscreen><\/iframe><\/p>\n","protected":false},"excerpt":{"rendered":"<p>Wolfgang Pollanz legt mit seinem Lesebuch <em>Das Z\u00fcchten von Kakteen inmitten einer \u00fcppigen Landschaft<\/em> eine Schau \u2013 eine R\u00fcckschau \u2013 vor. R\u00fcckblickend und r\u00fccklesend kann man seine schriftstellerische Laufbahn verfolgen, von heute bis zu den Anf\u00e4ngen in den Siebzigerjahren.<\/p>\n","protected":false},"featured_media":4514,"comment_status":"open","ping_status":"closed","template":"","meta":[],"etheme_brands":[],"product_brand":[],"product_cat":[3685],"product_tag":[2651,356,241,117,348,323,209,121,109],"yst_prominent_words":[3308],"class_list":{"0":"post-4495","1":"product","2":"type-product","3":"status-publish","4":"has-post-thumbnail","6":"product_cat-erzaehlungen","7":"product_tag-65-geburtstag-pollanz-wolfgang-schriftstellerlaufbahn-pollanz-wolfgang-querschnitt-miniaturen-gewaltiger-erzaehlfundus","8":"product_tag-edition-keiper","9":"product_tag-graz","10":"product_tag-keiper","11":"product_tag-literatur","12":"product_tag-oesterreich","13":"product_tag-steiermark","14":"product_tag-verlag","15":"product_tag-www-editionkeiper-at","17":"first","18":"instock","19":"shipping-taxable","20":"purchasable","21":"product-type-simple"},"_links":{"self":[{"href":"https:\/\/www.editionkeiper.at\/shop\/wp-json\/wp\/v2\/product\/4495","targetHints":{"allow":["GET"]}}],"collection":[{"href":"https:\/\/www.editionkeiper.at\/shop\/wp-json\/wp\/v2\/product"}],"about":[{"href":"https:\/\/www.editionkeiper.at\/shop\/wp-json\/wp\/v2\/types\/product"}],"replies":[{"embeddable":true,"href":"https:\/\/www.editionkeiper.at\/shop\/wp-json\/wp\/v2\/comments?post=4495"}],"wp:featuredmedia":[{"embeddable":true,"href":"https:\/\/www.editionkeiper.at\/shop\/wp-json\/wp\/v2\/media\/4514"}],"wp:attachment":[{"href":"https:\/\/www.editionkeiper.at\/shop\/wp-json\/wp\/v2\/media?parent=4495"}],"wp:term":[{"taxonomy":"brand","embeddable":true,"href":"https:\/\/www.editionkeiper.at\/shop\/wp-json\/wp\/v2\/etheme_brands?post=4495"},{"taxonomy":"product_brand","embeddable":true,"href":"https:\/\/www.editionkeiper.at\/shop\/wp-json\/wp\/v2\/product_brand?post=4495"},{"taxonomy":"product_cat","embeddable":true,"href":"https:\/\/www.editionkeiper.at\/shop\/wp-json\/wp\/v2\/product_cat?post=4495"},{"taxonomy":"product_tag","embeddable":true,"href":"https:\/\/www.editionkeiper.at\/shop\/wp-json\/wp\/v2\/product_tag?post=4495"},{"taxonomy":"yst_prominent_words","embeddable":true,"href":"https:\/\/www.editionkeiper.at\/shop\/wp-json\/wp\/v2\/yst_prominent_words?post=4495"}],"curies":[{"name":"wp","href":"https:\/\/api.w.org\/{rel}","templated":true}]}}