{"id":3835,"date":"2018-06-01T10:40:39","date_gmt":"2018-06-01T08:40:39","guid":{"rendered":"https:\/\/www.editionkeiper.at\/shop\/produkt\/jack-und-ich\/"},"modified":"2021-06-29T11:17:55","modified_gmt":"2021-06-29T09:17:55","slug":"jack-und-ich","status":"publish","type":"product","link":"https:\/\/www.editionkeiper.at\/shop\/produkt\/jack-und-ich\/","title":{"rendered":"Jack und ich. Das B\u00f6se in mir."},"content":{"rendered":"<h2>Jack und ich.<\/h2>\n<p><strong>Das B\u00f6se in mir.<\/strong><\/p>\n<p>von\u00a0<a href=\"https:\/\/www.editionkeiper.at\/shop\/wolfmayr-andrea\/\"><strong><strong>Andrea Wolfmayr<\/strong><\/strong><\/a><\/p>\n<p>Es war bei der Vorbesprechung zu einem Krimi-Leseabend, als Andrea Wolfmayr meinte, sie k\u00f6nne eventuell etwas \u00fcber Jack Unterweger sagen. Dass daraus ein Projekt entstehen w\u00fcrde, das \u00fcber ein Jahr lang ihr Denken, Tun und Schreiben bestimmte, konnte niemand ahnen. Doch nun liegen sie vor \u2013 die Reflexionen \u00fcber das B\u00f6se, Erinnerungen und schonungslose Aufarbeitung der Beziehung zu einem M\u00f6rder. Und nein \u2013 das Thema ist noch lange nicht ausgeschrieben, denn es geht nicht nur um Jack Unterweger. Es geht um eine Gesellschaft, in der Menschen ihren Platz nicht finden k\u00f6nnen.\u00a0Um Achtlosigkeit, wo Achtung vonn\u00f6ten w\u00e4re. Um Desinteresse, wo es Wertsch\u00e4tzung br\u00e4uchte. Um unsere Zeit \u2013 die Zeit der Narzissten.<\/p>\n<p>\u201eHeute, wenn ich so nachdenke \u00fcber Jack, wird\u2019s mir weder unheimlich noch gruselig \u2013 ich sp\u00fcr gar nichts mehr. Weder Antipathie noch Sympathie. Es war, er war, das ist alles. Es war grauenhaft, was er getan hat, und was genau und wieviel wissen wir nicht und werden es nie wissen. Heute jedenfalls kann ich, f\u00fcr mich, ganz pers\u00f6nlich, behaupten, dass ich meinen Frieden geschlossen habe mit Jack. Ich hab eine Menge gelernt in der Auseinandersetzung mit ihm und \u201eseinen\u201c Morden. Ich hab \u00fcber ihn und von ihm gelesen und habe unz\u00e4hlige Filme und Tondokumente durchgearbeitet. Es hat sollen sein. Ich musste anscheinend da durch, ich hatte so viel vergessen und verdr\u00e4ngt, das musste raus.\u201c (Andrea Wolfmayr)<\/p>\n<p>&nbsp;<\/p>\n<p><strong>ISBN13:<\/strong> 978-3-903144-65-1<\/p>\n<p><strong>Erscheinungsdatum:<\/strong>\u00a009.2018<\/p>\n<p><strong>Seiten:<\/strong> ca 200<\/p>\n<p><strong>Sprache:<\/strong>\u00a0Deutsch<\/p>\n<p><strong>Format:<\/strong>\u00a020,0 x 12,0 cm;\u00a0gebunden;\u00a0Hardcover<\/p>\n<div id=\"attachment_4023\" style=\"width: 100px\" class=\"wp-caption alignleft\"><a href=\"https:\/\/www.editionkeiper.at\/shop\/wp-content\/uploads\/2018\/09\/Zusatz1_Leseprobe_Wolfmayr_Andrea_Jack_Keiper_Verlag.pdf\"><img loading=\"lazy\" loading=\"lazy\" decoding=\"async\" aria-describedby=\"caption-attachment-4023\" class=\"wp-image-4023\" src=\"https:\/\/www.editionkeiper.at\/shop\/wp-content\/uploads\/2018\/06\/A_Cover_Leseprobe_Keiper_Verlag_Literatur_Graz-1-181x300.jpg\" alt=\"\" width=\"90\" height=\"149\" srcset=\"https:\/\/www.editionkeiper.at\/shop\/wp-content\/uploads\/2018\/06\/A_Cover_Leseprobe_Keiper_Verlag_Literatur_Graz-1-181x300.jpg 181w, https:\/\/www.editionkeiper.at\/shop\/wp-content\/uploads\/2018\/06\/A_Cover_Leseprobe_Keiper_Verlag_Literatur_Graz-1-565x938.jpg 565w, https:\/\/www.editionkeiper.at\/shop\/wp-content\/uploads\/2018\/06\/A_Cover_Leseprobe_Keiper_Verlag_Literatur_Graz-1-574x953.jpg 574w, https:\/\/www.editionkeiper.at\/shop\/wp-content\/uploads\/2018\/06\/A_Cover_Leseprobe_Keiper_Verlag_Literatur_Graz-1.jpg 617w, https:\/\/www.editionkeiper.at\/shop\/wp-content\/uploads\/2018\/06\/A_Cover_Leseprobe_Keiper_Verlag_Literatur_Graz-1-331x550.jpg 331w\" sizes=\"auto, (max-width: 90px) 100vw, 90px\" \/><\/a><p id=\"caption-attachment-4023\" class=\"wp-caption-text\">Leseprobe<\/p><\/div>\n<p>&nbsp;<\/p>\n<p>&nbsp;<\/p>\n<p>&nbsp;<\/p>\n<p>&nbsp;<\/p>\n<p>&nbsp;<\/p>\n<div id=\"attachment_4023\" style=\"width: 100px\" class=\"wp-caption alignnone\"><a href=\"https:\/\/www.editionkeiper.at\/shop\/wp-content\/uploads\/2018\/09\/Zusatz1_Leseprobe_Briefe_Jack_Unterweger_Webseite_Keiper_Verlag.pdf\" target=\"_blank\" rel=\"noopener\"><img loading=\"lazy\" loading=\"lazy\" decoding=\"async\" aria-describedby=\"caption-attachment-4023\" class=\"wp-image-4023\" src=\"https:\/\/www.editionkeiper.at\/shop\/wp-content\/uploads\/2018\/06\/A_Cover_Leseprobe_Keiper_Verlag_Literatur_Graz-1-181x300.jpg\" alt=\"\" width=\"90\" height=\"149\" srcset=\"https:\/\/www.editionkeiper.at\/shop\/wp-content\/uploads\/2018\/06\/A_Cover_Leseprobe_Keiper_Verlag_Literatur_Graz-1-181x300.jpg 181w, https:\/\/www.editionkeiper.at\/shop\/wp-content\/uploads\/2018\/06\/A_Cover_Leseprobe_Keiper_Verlag_Literatur_Graz-1-565x938.jpg 565w, https:\/\/www.editionkeiper.at\/shop\/wp-content\/uploads\/2018\/06\/A_Cover_Leseprobe_Keiper_Verlag_Literatur_Graz-1-574x953.jpg 574w, https:\/\/www.editionkeiper.at\/shop\/wp-content\/uploads\/2018\/06\/A_Cover_Leseprobe_Keiper_Verlag_Literatur_Graz-1.jpg 617w, https:\/\/www.editionkeiper.at\/shop\/wp-content\/uploads\/2018\/06\/A_Cover_Leseprobe_Keiper_Verlag_Literatur_Graz-1-331x550.jpg 331w\" sizes=\"auto, (max-width: 90px) 100vw, 90px\" \/><\/a><p id=\"caption-attachment-4023\" class=\"wp-caption-text\">Briefwechsel zwischen Andrea Wolfmayr und Jack Unterweger<\/p><\/div>\n<p>&nbsp;<\/p>\n","protected":false},"excerpt":{"rendered":"<p>Es war bei der Vorbesprechung zu einem Krimi-Leseabend, als Andrea Wolfmayr meinte, sie k\u00f6nne eventuell etwas \u00fcber Jack Unterweger sagen. Dass daraus ein Projekt entstehen w\u00fcrde, das \u00fcber ein Jahr lang ihr Denken, Tun und Schreiben bestimmte, konnte niemand ahnen. Doch nun liegen sie vor \u2013 die Reflexionen \u00fcber das B\u00f6se, Erinnerungen und schonungslose Aufarbeitung der Beziehung zu einem M\u00f6rder &#8230;<\/p>\n<p><strong>\u00a0<\/strong><\/p>\n","protected":false},"featured_media":3862,"comment_status":"open","ping_status":"closed","template":"","meta":[],"etheme_brands":[],"product_brand":[],"product_cat":[3089,3685],"product_tag":[1387,263,336,356,2194,241,2202,2193,664,1386,218,258,209,2203,2191,121,262,256,2201,109],"yst_prominent_words":[],"class_list":{"0":"post-3835","1":"product","2":"type-product","3":"status-publish","4":"has-post-thumbnail","6":"product_cat-biografie","7":"product_cat-erzaehlungen","8":"product_tag-ausnuechterung","9":"product_tag-bauer","10":"product_tag-belletristik","11":"product_tag-edition-keiper","12":"product_tag-gefaengnisliterat","13":"product_tag-graz","14":"product_tag-handwerker","15":"product_tag-herbstprogramm-2018","16":"product_tag-im-zug","17":"product_tag-jane-und-ich","18":"product_tag-roman","19":"product_tag-roter-spritzer","20":"product_tag-steiermark","21":"product_tag-undgraf","22":"product_tag-unterweger","23":"product_tag-verlag","24":"product_tag-vom-leben-und-sterben-des-herrn-vattern","25":"product_tag-weisse-mischung","26":"product_tag-wolfmayr-andrea","27":"product_tag-www-editionkeiper-at","29":"first","30":"instock","31":"shipping-taxable","32":"purchasable","33":"product-type-simple"},"_links":{"self":[{"href":"https:\/\/www.editionkeiper.at\/shop\/wp-json\/wp\/v2\/product\/3835","targetHints":{"allow":["GET"]}}],"collection":[{"href":"https:\/\/www.editionkeiper.at\/shop\/wp-json\/wp\/v2\/product"}],"about":[{"href":"https:\/\/www.editionkeiper.at\/shop\/wp-json\/wp\/v2\/types\/product"}],"replies":[{"embeddable":true,"href":"https:\/\/www.editionkeiper.at\/shop\/wp-json\/wp\/v2\/comments?post=3835"}],"wp:featuredmedia":[{"embeddable":true,"href":"https:\/\/www.editionkeiper.at\/shop\/wp-json\/wp\/v2\/media\/3862"}],"wp:attachment":[{"href":"https:\/\/www.editionkeiper.at\/shop\/wp-json\/wp\/v2\/media?parent=3835"}],"wp:term":[{"taxonomy":"brand","embeddable":true,"href":"https:\/\/www.editionkeiper.at\/shop\/wp-json\/wp\/v2\/etheme_brands?post=3835"},{"taxonomy":"product_brand","embeddable":true,"href":"https:\/\/www.editionkeiper.at\/shop\/wp-json\/wp\/v2\/product_brand?post=3835"},{"taxonomy":"product_cat","embeddable":true,"href":"https:\/\/www.editionkeiper.at\/shop\/wp-json\/wp\/v2\/product_cat?post=3835"},{"taxonomy":"product_tag","embeddable":true,"href":"https:\/\/www.editionkeiper.at\/shop\/wp-json\/wp\/v2\/product_tag?post=3835"},{"taxonomy":"yst_prominent_words","embeddable":true,"href":"https:\/\/www.editionkeiper.at\/shop\/wp-json\/wp\/v2\/yst_prominent_words?post=3835"}],"curies":[{"name":"wp","href":"https:\/\/api.w.org\/{rel}","templated":true}]}}