{"id":14262,"date":"2024-07-16T15:45:16","date_gmt":"2024-07-16T13:45:16","guid":{"rendered":"https:\/\/www.editionkeiper.at\/shop\/?post_type=product&#038;p=14262"},"modified":"2025-03-20T16:02:31","modified_gmt":"2025-03-20T15:02:31","slug":"weil-ich-dich-mag-kinderbuch","status":"publish","type":"product","link":"https:\/\/www.editionkeiper.at\/shop\/produkt\/weil-ich-dich-mag-kinderbuch\/","title":{"rendered":"Weil ich dich mag"},"content":{"rendered":"<h2>Weil ich dich mag &#8211; Ein Kinderbuch, das die Sprachen der Liebe spricht<\/h2>\n<p>von <span style=\"color: #800080;\"><a style=\"color: #800080;\" href=\"https:\/\/www.editionkeiper.at\/shop\/reichart-julia\/\">Julia Reichart<\/a><\/span> und <span style=\"color: #800080;\"><a style=\"color: #800080;\" href=\"https:\/\/www.editionkeiper.at\/shop\/gruber-romana\/\">Romy Gruber<\/a><\/span><\/p>\n<blockquote><p><em>\u201eWir haben dieses besondere Kinderbuchprojekt ins Leben gerufen, um Kindern die Welt der Liebe n\u00e4herzubringen.\u201c (Romy und Julia)<\/em><\/p><\/blockquote>\n<p><strong>Entdecke die Magie der Liebe mit &#8222;Weil ich dich mag&#8220;<br \/>\n<\/strong>Tauchen Sie ein in eine liebevoll illustrierte und in Reimform erz\u00e4hlte Geschichte, die Kinder auf eine zauberhafte Reise durch verschiedene L\u00e4nder mitnimmt. Ausgestattet mit einem Funkger\u00e4t begibt sich ein Kind auf ein unvergessliches Abenteuer, bei dem es in jedem Land auf fabelhafte Fantasiewesen trifft. Diese Wesen sprechen besondere Sprachen \u2013 die Sprachen der Liebe \u2013 und zeigen dem Kind, wie Liebe auf unz\u00e4hlige Weisen ausgedr\u00fcckt werden kann.<\/p>\n<p><strong>Ein Abenteuer voller Herz und Humor<br \/>\n<\/strong>\u201eWeil ich dich mag\u201c ist weit mehr als nur ein Abenteuerbuch. Es ist eine Entdeckungsreise zu den vielf\u00e4ltigen Arten, wie Liebe gezeigt und empfunden werden kann. Mit farbenfrohen Illustrationen und humorvollen Reimen werden die einzigartigen L\u00e4nder und ihre Bewohner lebendig und greifbar f\u00fcr jedes Kind.<\/p>\n<p><strong>Eine magische Reise durch die Vielfalt der Liebe<br \/>\n<\/strong>Begleiten Sie Ihr Kind auf dieser einzigartigen Abenteuerreise, auf der es fantastische Begegnungen macht und die unterschiedlichen Sprachen der Liebe entdeckt. \u201eWeil ich dich mag\u201c ist das ideale Geschenk f\u00fcr kleine Entdecker\/innen und zuk\u00fcnftige Weltb\u00fcrger\/innen.<\/p>\n<p><strong>Jetzt bestellen und die Welt der Liebe entdecken!<br \/>\n<\/strong>Tauchen Sie ein in die bunte Welt von \u201eWeil ich dich mag\u201c und erleben Sie gemeinsam mit Ihrem Kind die Vielfalt der Gef\u00fchle. Ein Buch, das in keinem Kinderzimmer fehlen sollte \u2013 voller Herzensw\u00e4rme, Humor und magischer Momente.<\/p>\n<p><strong> Preis: <\/strong>AT \u20ac 20,00 \/ DE \u20ac 19,46<strong><br \/>\nISBN13:<\/strong> 978-3-903575-34-9<strong><br \/>\nErscheinungsdatum: <\/strong>voraussichtlich November 2024<strong><br \/>\nSeiten: <\/strong>32<strong><br \/>\nSprache:\u00a0<\/strong>Deutsch<strong><br \/>\nFormat: <\/strong>24 x 24 cm; Hardcover, durchgehend farbig illustriert<\/p>\n<p><a href=\"https:\/\/www.editionkeiper.at\/shop\/wp-content\/uploads\/2024\/07\/Leseprobe_Reichart_Julia_Gruber_Romana_Weil_ich_dich_mag_Verlag_Keiper_Kinderbuch.pdf\" target=\"_blank\" rel=\"noopener\"><img loading=\"lazy\" loading=\"lazy\" decoding=\"async\" class=\"alignnone size-full wp-image-13777\" src=\"https:\/\/www.editionkeiper.at\/shop\/wp-content\/uploads\/2024\/01\/Leseprobe_Verlag_Keiper.png\" alt=\"\" width=\"90\" height=\"125\" srcset=\"https:\/\/www.editionkeiper.at\/shop\/wp-content\/uploads\/2024\/01\/Leseprobe_Verlag_Keiper.png 90w, https:\/\/www.editionkeiper.at\/shop\/wp-content\/uploads\/2024\/01\/Leseprobe_Verlag_Keiper-7x10.png 7w\" sizes=\"auto, (max-width: 90px) 100vw, 90px\" \/><\/a><\/p>\n<p><a href=\"https:\/\/www.editionkeiper.at\/shop\/wp-content\/uploads\/2024\/07\/Illustrationen_SW_Weil_ich_dich_mag_Kinderbuch_Ausmalbilder_Verlag_keiper_xs.pdf\" target=\"_blank\" rel=\"noopener\"><img loading=\"lazy\" loading=\"lazy\" decoding=\"async\" class=\"wp-image-14508 alignleft\" src=\"https:\/\/www.editionkeiper.at\/shop\/wp-content\/uploads\/2024\/07\/Vorschau_Weil_ich_dich_mag_Kinderbuch_Ausmalbilder_Verlag_keiper.png\" alt=\"\" width=\"88\" height=\"87\" srcset=\"https:\/\/www.editionkeiper.at\/shop\/wp-content\/uploads\/2024\/07\/Vorschau_Weil_ich_dich_mag_Kinderbuch_Ausmalbilder_Verlag_keiper.png 150w, https:\/\/www.editionkeiper.at\/shop\/wp-content\/uploads\/2024\/07\/Vorschau_Weil_ich_dich_mag_Kinderbuch_Ausmalbilder_Verlag_keiper-100x100.png 100w, https:\/\/www.editionkeiper.at\/shop\/wp-content\/uploads\/2024\/07\/Vorschau_Weil_ich_dich_mag_Kinderbuch_Ausmalbilder_Verlag_keiper-10x10.png 10w\" sizes=\"auto, (max-width: 88px) 100vw, 88px\" \/><\/a><\/p>\n<p>&nbsp;<\/p>\n<p>Alle Bilder als <span style=\"color: #800080;\"><a style=\"color: #800080;\" href=\"https:\/\/www.editionkeiper.at\/shop\/wp-content\/uploads\/2024\/07\/Illustrationen_SW_Weil_ich_dich_mag_Kinderbuch_Ausmalbilder_Verlag_keiper_xs.pdf\" target=\"_blank\" rel=\"noopener\">Download<\/a><\/span> zum Ausmalen. <span style=\"color: #999999;\">(PDF ca 4MB)<\/span><\/p>\n<p>&nbsp;<\/p>\n<div id=\"attachment_14306\" style=\"width: 160px\" class=\"wp-caption alignleft\"><a href=\"https:\/\/www.editionkeiper.at\/shop\/wp-content\/uploads\/2024\/07\/Cover_Weil_ich_dich_mag_Reichart_Julia_Gruber_Romana.png\" target=\"_blank\" rel=\"noopener\"><img loading=\"lazy\" loading=\"lazy\" decoding=\"async\" aria-describedby=\"caption-attachment-14306\" class=\"wp-image-14306 size-thumbnail\" src=\"https:\/\/www.editionkeiper.at\/shop\/wp-content\/uploads\/2024\/07\/Cover_Weil_ich_dich_mag_Reichart_Julia_Gruber_Romana-150x150.png\" alt=\"\" width=\"150\" height=\"150\" srcset=\"https:\/\/www.editionkeiper.at\/shop\/wp-content\/uploads\/2024\/07\/Cover_Weil_ich_dich_mag_Reichart_Julia_Gruber_Romana-150x150.png 150w, https:\/\/www.editionkeiper.at\/shop\/wp-content\/uploads\/2024\/07\/Cover_Weil_ich_dich_mag_Reichart_Julia_Gruber_Romana-300x300.png 300w, https:\/\/www.editionkeiper.at\/shop\/wp-content\/uploads\/2024\/07\/Cover_Weil_ich_dich_mag_Reichart_Julia_Gruber_Romana-100x100.png 100w, https:\/\/www.editionkeiper.at\/shop\/wp-content\/uploads\/2024\/07\/Cover_Weil_ich_dich_mag_Reichart_Julia_Gruber_Romana-10x10.png 10w\" sizes=\"auto, (max-width: 150px) 100vw, 150px\" \/><\/a><p id=\"caption-attachment-14306\" class=\"wp-caption-text\">3D\u00a0Cover Weil ich dich mag (1676 x 1621 pxl; 300dpi)<\/p><\/div>\n<div id=\"attachment_14308\" style=\"width: 160px\" class=\"wp-caption alignleft\"><a href=\"https:\/\/www.editionkeiper.at\/shop\/wp-content\/uploads\/2024\/07\/2D_Cover_Weil_ich_dich_mag_Reichart_Julia_Gruber_Romana_Kinderbuch_Verlag_keiper-scaled.jpg\" target=\"_blank\" rel=\"noopener\"><img loading=\"lazy\" loading=\"lazy\" decoding=\"async\" aria-describedby=\"caption-attachment-14308\" class=\"wp-image-14308 size-thumbnail\" src=\"https:\/\/www.editionkeiper.at\/shop\/wp-content\/uploads\/2024\/07\/2D_Cover_Weil_ich_dich_mag_Reichart_Julia_Gruber_Romana_Kinderbuch_Verlag_keiper-150x150.jpg\" alt=\"\" width=\"150\" height=\"150\" srcset=\"https:\/\/www.editionkeiper.at\/shop\/wp-content\/uploads\/2024\/07\/2D_Cover_Weil_ich_dich_mag_Reichart_Julia_Gruber_Romana_Kinderbuch_Verlag_keiper-150x150.jpg 150w, https:\/\/www.editionkeiper.at\/shop\/wp-content\/uploads\/2024\/07\/2D_Cover_Weil_ich_dich_mag_Reichart_Julia_Gruber_Romana_Kinderbuch_Verlag_keiper-300x300.jpg 300w, https:\/\/www.editionkeiper.at\/shop\/wp-content\/uploads\/2024\/07\/2D_Cover_Weil_ich_dich_mag_Reichart_Julia_Gruber_Romana_Kinderbuch_Verlag_keiper-100x100.jpg 100w, https:\/\/www.editionkeiper.at\/shop\/wp-content\/uploads\/2024\/07\/2D_Cover_Weil_ich_dich_mag_Reichart_Julia_Gruber_Romana_Kinderbuch_Verlag_keiper-10x10.jpg 10w\" sizes=\"auto, (max-width: 150px) 100vw, 150px\" \/><\/a><p id=\"caption-attachment-14308\" class=\"wp-caption-text\">2D Cover Weil ich dich mag (1676 x 1621 pxl; 300dpi)<\/p><\/div>\n<div id=\"attachment_14304\" style=\"width: 160px\" class=\"wp-caption alignleft\"><a href=\"https:\/\/www.editionkeiper.at\/shop\/wp-content\/uploads\/2024\/07\/Autorenfoto_Romana_Gruber_@StiefkindFotografie_Verlag_edition_keiper.jpeg\" target=\"_blank\" rel=\"noopener\"><img loading=\"lazy\" loading=\"lazy\" decoding=\"async\" aria-describedby=\"caption-attachment-14304\" class=\"wp-image-14304 size-thumbnail\" src=\"https:\/\/www.editionkeiper.at\/shop\/wp-content\/uploads\/2024\/07\/Autorenfoto_Romana_Gruber_@StiefkindFotografie_Verlag_edition_keiper-150x150.jpeg\" alt=\"\" width=\"150\" height=\"150\" srcset=\"https:\/\/www.editionkeiper.at\/shop\/wp-content\/uploads\/2024\/07\/Autorenfoto_Romana_Gruber_@StiefkindFotografie_Verlag_edition_keiper-150x150.jpeg 150w, https:\/\/www.editionkeiper.at\/shop\/wp-content\/uploads\/2024\/07\/Autorenfoto_Romana_Gruber_@StiefkindFotografie_Verlag_edition_keiper-300x300.jpeg 300w, https:\/\/www.editionkeiper.at\/shop\/wp-content\/uploads\/2024\/07\/Autorenfoto_Romana_Gruber_@StiefkindFotografie_Verlag_edition_keiper-100x100.jpeg 100w, https:\/\/www.editionkeiper.at\/shop\/wp-content\/uploads\/2024\/07\/Autorenfoto_Romana_Gruber_@StiefkindFotografie_Verlag_edition_keiper-10x10.jpeg 10w, https:\/\/www.editionkeiper.at\/shop\/wp-content\/uploads\/2024\/07\/Autorenfoto_Romana_Gruber_@StiefkindFotografie_Verlag_edition_keiper.jpeg 480w\" sizes=\"auto, (max-width: 150px) 100vw, 150px\" \/><\/a><p id=\"caption-attachment-14304\" class=\"wp-caption-text\">Autorenfoto Romy Gruber @ Stiefkind Fotografie (480 x 480 pxl; 300 dpi)<\/p><\/div>\n<div id=\"attachment_14343\" style=\"width: 160px\" class=\"wp-caption alignleft\"><a href=\"https:\/\/www.editionkeiper.at\/shop\/wp-content\/uploads\/2024\/07\/Autorenfoto_Reichart_Julia_Foto_Markus_Joebstl_Verlag_edition_keiper_L.jpg\" target=\"_blank\" rel=\"noopener\"><img loading=\"lazy\" loading=\"lazy\" decoding=\"async\" aria-describedby=\"caption-attachment-14343\" class=\"wp-image-14343 size-thumbnail\" src=\"https:\/\/www.editionkeiper.at\/shop\/wp-content\/uploads\/2024\/07\/Autorenfoto_Reichart_Julia_Foto_Markus_Joebstl_Verlag_edition_keiper_L-150x150.jpg\" alt=\"\" width=\"150\" height=\"150\" srcset=\"https:\/\/www.editionkeiper.at\/shop\/wp-content\/uploads\/2024\/07\/Autorenfoto_Reichart_Julia_Foto_Markus_Joebstl_Verlag_edition_keiper_L-150x150.jpg 150w, https:\/\/www.editionkeiper.at\/shop\/wp-content\/uploads\/2024\/07\/Autorenfoto_Reichart_Julia_Foto_Markus_Joebstl_Verlag_edition_keiper_L-300x300.jpg 300w, https:\/\/www.editionkeiper.at\/shop\/wp-content\/uploads\/2024\/07\/Autorenfoto_Reichart_Julia_Foto_Markus_Joebstl_Verlag_edition_keiper_L-100x100.jpg 100w\" sizes=\"auto, (max-width: 150px) 100vw, 150px\" \/><\/a><p id=\"caption-attachment-14343\" class=\"wp-caption-text\">Autorenfoto Julia Reichart \u00a9 Markus Jo\u0308bstl (1024 x 800 pxl; 300 dpi)<\/p><\/div>\n<p>&nbsp;<\/p>\n<p>&nbsp;<\/p>\n<p>&nbsp;<\/p>\n<div class=\"mceTemp\"><\/div>\n<p>&nbsp;<\/p>\n<div class=\"mceTemp\"><\/div>\n<p>&nbsp;<\/p>\n<p><iframe loading=\"lazy\" title=\"Weil Ich Dich Mag!\" width=\"1170\" height=\"878\" src=\"https:\/\/www.youtube.com\/embed\/6nNSIn69Qr4?feature=oembed\" frameborder=\"0\" allow=\"accelerometer; autoplay; clipboard-write; encrypted-media; gyroscope; picture-in-picture; web-share\" referrerpolicy=\"strict-origin-when-cross-origin\" allowfullscreen><\/iframe><\/p>\n","protected":false},"excerpt":{"rendered":"<p><strong>Warum &#8222;Weil ich dich mag&#8220; das perfekte Buch f\u00fcr Ihr Kind ist:<\/strong><\/p>\n<ul>\n<li>Ein farbenpr\u00e4chtig illustriertes Bilderbuch in Reimform, das die Liebe feiert \u2013 voller Herzensw\u00e4rme und Humor.<\/li>\n<li>Eine spielerische Lernreise durch die Vielfalt der Gef\u00fchle.<\/li>\n<li>Eine magische Abenteuerreise mit fantastischen Begegnungen rund um die Sprachen der Liebe.<\/li>\n<\/ul>\n<p><strong>Ab November 2024 auf Tour: <\/strong>Das Kindertheaterst\u00fcck zum Buch \u2013 l\u00e4dt dazu ein, gemeinsam in die Geschichte einzutauchen und die Welt rund um die Liebe zu entdecken.<\/p>\n<p>&nbsp;<\/p>\n","protected":false},"featured_media":14302,"comment_status":"open","ping_status":"closed","template":"","meta":[],"etheme_brands":[],"product_brand":[],"product_cat":[1396],"product_tag":[4840,356,4854,4850,4847,4852,4849,4861,4853,148,4858,4843,4855,4862,668,4841,209,121,4856,109,4845],"yst_prominent_words":[3183],"class_list":{"0":"post-14262","1":"product","2":"type-product","3":"status-publish","4":"has-post-thumbnail","6":"product_cat-kinderbuch","7":"product_tag-weil-ich-dich-mag","8":"product_tag-edition-keiper","9":"product_tag-einzigartige-laender","10":"product_tag-entdeckungsreise","11":"product_tag-fantasiewesen","12":"product_tag-farbenfrohe-illustrationen","13":"product_tag-herz-und-humor","14":"product_tag-herzenswaerme","15":"product_tag-humorvolle-reime","16":"product_tag-kinderbuch","17":"product_tag-kleine-entdecker","18":"product_tag-liebevoll-illustriert","19":"product_tag-magische-abenteuerreise","20":"product_tag-magische-momente","21":"product_tag-neuerscheinung","22":"product_tag-sprache-der-liebe","23":"product_tag-steiermark","24":"product_tag-verlag","25":"product_tag-vielfalt-der-gefuehle","26":"product_tag-www-editionkeiper-at","27":"product_tag-zauberhafte-reise","29":"first","30":"instock","31":"shipping-taxable","32":"purchasable","33":"product-type-simple"},"_links":{"self":[{"href":"https:\/\/www.editionkeiper.at\/shop\/wp-json\/wp\/v2\/product\/14262","targetHints":{"allow":["GET"]}}],"collection":[{"href":"https:\/\/www.editionkeiper.at\/shop\/wp-json\/wp\/v2\/product"}],"about":[{"href":"https:\/\/www.editionkeiper.at\/shop\/wp-json\/wp\/v2\/types\/product"}],"replies":[{"embeddable":true,"href":"https:\/\/www.editionkeiper.at\/shop\/wp-json\/wp\/v2\/comments?post=14262"}],"wp:featuredmedia":[{"embeddable":true,"href":"https:\/\/www.editionkeiper.at\/shop\/wp-json\/wp\/v2\/media\/14302"}],"wp:attachment":[{"href":"https:\/\/www.editionkeiper.at\/shop\/wp-json\/wp\/v2\/media?parent=14262"}],"wp:term":[{"taxonomy":"brand","embeddable":true,"href":"https:\/\/www.editionkeiper.at\/shop\/wp-json\/wp\/v2\/etheme_brands?post=14262"},{"taxonomy":"product_brand","embeddable":true,"href":"https:\/\/www.editionkeiper.at\/shop\/wp-json\/wp\/v2\/product_brand?post=14262"},{"taxonomy":"product_cat","embeddable":true,"href":"https:\/\/www.editionkeiper.at\/shop\/wp-json\/wp\/v2\/product_cat?post=14262"},{"taxonomy":"product_tag","embeddable":true,"href":"https:\/\/www.editionkeiper.at\/shop\/wp-json\/wp\/v2\/product_tag?post=14262"},{"taxonomy":"yst_prominent_words","embeddable":true,"href":"https:\/\/www.editionkeiper.at\/shop\/wp-json\/wp\/v2\/yst_prominent_words?post=14262"}],"curies":[{"name":"wp","href":"https:\/\/api.w.org\/{rel}","templated":true}]}}