{"id":14028,"date":"2024-05-28T15:30:54","date_gmt":"2024-05-28T13:30:54","guid":{"rendered":"https:\/\/www.editionkeiper.at\/shop\/?post_type=product&#038;p=14028"},"modified":"2025-03-20T15:12:04","modified_gmt":"2025-03-20T14:12:04","slug":"luzia","status":"publish","type":"product","link":"https:\/\/www.editionkeiper.at\/shop\/produkt\/luzia\/","title":{"rendered":"Luzia &#8211; Kindheit zwischen zwei Kriegen"},"content":{"rendered":"<h2>Luzia \u2013 Kindheit zwischen zwei Kriegen<\/h2>\n<p><strong>Roman von <span style=\"color: #993366;\"><a style=\"color: #993366;\" href=\"https:\/\/www.editionkeiper.at\/shop\/stoegerer-daniel\/\">Daniel St\u00f6gerer\u00a0<\/a><\/span><\/strong><\/p>\n<p class=\"p1\">Wien, 1926: Hunderte warten im Schneetreiben vor den Arbeits\u00e4mtern, bei Protesten fallen Sch\u00fcsse, und schwangere Frauen pilgern heimlich zu einem sch\u00e4bigen Zinshaus in der Troststra\u00dfe, um die Dienste einer gewissen Frau T\u00f3th in Anspruch zu nehmen. Diese ist Pflegemutter der achtj\u00e4hrigen Luzia, eines sch\u00fcchternen M\u00e4dchens, das inmitten all jener Unruhen anf\u00e4ngt, nach dem Verbleib ihrer leiblichen Mutter zu fragen. Als die Mutter aber nichts von ihr wissen will, schickt man Luzia als Dienstkind zu Bauern in die Bucklige Welt, wo sie zun\u00e4chst alleine ihren Weg bestreiten muss.<\/p>\n<p class=\"p1\">Ein Roman \u00fcber ein ungewolltes Kind in einem ungewollten Land, \u00fcber Hoffnung in finsteren Zeiten und die Suche nach Zugeh\u00f6rigkeit.<\/p>\n<p><strong>Preis:<\/strong> AT \u20ac 22,00 \/ DE \u20ac 21,40<br \/>\n<strong>Seiten:<\/strong> ca. 136<br \/>\n<strong>ISBN13:<\/strong> 978-3-903575-24-0<br \/>\n<strong>Erscheinungsdatum:<\/strong> 13. September 2024<br \/>\n<strong>Sprache:<\/strong>\u00a0Deutsch<br \/>\n<strong>Format:<\/strong> 12,0 x 20,0 cm; Pappband<\/p>\n<p><a href=\"https:\/\/www.editionkeiper.at\/shop\/wp-content\/uploads\/2024\/05\/Leseprobe_Luzia_Daniel_Stoegerer_Verlag_keiper.pdf\" target=\"_blank\" rel=\"noopener\"><img loading=\"lazy\" loading=\"lazy\" decoding=\"async\" class=\"alignnone size-full wp-image-13777\" src=\"https:\/\/www.editionkeiper.at\/shop\/wp-content\/uploads\/2024\/01\/Leseprobe_Verlag_Keiper.png\" alt=\"\" width=\"90\" height=\"125\" srcset=\"https:\/\/www.editionkeiper.at\/shop\/wp-content\/uploads\/2024\/01\/Leseprobe_Verlag_Keiper.png 90w, https:\/\/www.editionkeiper.at\/shop\/wp-content\/uploads\/2024\/01\/Leseprobe_Verlag_Keiper-7x10.png 7w\" sizes=\"auto, (max-width: 90px) 100vw, 90px\" \/><\/a><\/p>\n","protected":false},"excerpt":{"rendered":"<p class=\"p1\">Der Autor stellt seinen Figuren jene Fragen, die selbst heute noch so viele von uns besch\u00e4ftigen: Wo komme ich her? Wo geh\u00f6re ich hin? Wer bin ich?<\/p>\n<ul>\n<li class=\"p1\">Das Schicksal eines Pflegekindes im Zwischenkriegs\u00f6sterreich.<\/li>\n<li class=\"p1\">Eine Suche nach Identit\u00e4t vor der Kulisse einer untergehenden Demokratie.<\/li>\n<li class=\"p1\">Inspiriert von einer wahren Begebenheit.<\/li>\n<\/ul>\n","protected":false},"featured_media":14106,"comment_status":"closed","ping_status":"closed","template":"","meta":[],"etheme_brands":[],"product_brand":[],"product_cat":[3687],"product_tag":[4705,4707,4719,336,4720,4718,356,4721,4713,241,3013,4717,348,4715,668,323,4714,4708,218,4711,4706,4716,4709,4710,209,4712,4722,4723,121,225,109,4724],"yst_prominent_words":[3192,3360],"class_list":{"0":"post-14028","1":"product","2":"type-product","3":"status-publish","4":"has-post-thumbnail","6":"product_cat-romane","7":"product_tag-4705","8":"product_tag-arbeitsaemter","9":"product_tag-bauern","10":"product_tag-belletristik","11":"product_tag-bucklige-welt","12":"product_tag-dienstkind","13":"product_tag-edition-keiper","14":"product_tag-finstere-zeiten","15":"product_tag-frau-toth","16":"product_tag-graz","17":"product_tag-hoffnung","18":"product_tag-leibliche-mutter","19":"product_tag-literatur","20":"product_tag-luzia","21":"product_tag-neuerscheinung","22":"product_tag-oesterreich","23":"product_tag-pflegemutter","24":"product_tag-proteste","25":"product_tag-roman","26":"product_tag-schaebiges-zinshaus","27":"product_tag-schneetreiben","28":"product_tag-schuechternes-maedchen","29":"product_tag-schuesse","30":"product_tag-schwangere-frauen","31":"product_tag-steiermark","32":"product_tag-troststrasse","33":"product_tag-ungewolltes-kind","34":"product_tag-ungewolltes-land","35":"product_tag-verlag","36":"product_tag-wien","37":"product_tag-www-editionkeiper-at","38":"product_tag-zugehoerigkeit","40":"first","41":"instock","42":"shipping-taxable","43":"purchasable","44":"product-type-simple"},"_links":{"self":[{"href":"https:\/\/www.editionkeiper.at\/shop\/wp-json\/wp\/v2\/product\/14028","targetHints":{"allow":["GET"]}}],"collection":[{"href":"https:\/\/www.editionkeiper.at\/shop\/wp-json\/wp\/v2\/product"}],"about":[{"href":"https:\/\/www.editionkeiper.at\/shop\/wp-json\/wp\/v2\/types\/product"}],"replies":[{"embeddable":true,"href":"https:\/\/www.editionkeiper.at\/shop\/wp-json\/wp\/v2\/comments?post=14028"}],"wp:featuredmedia":[{"embeddable":true,"href":"https:\/\/www.editionkeiper.at\/shop\/wp-json\/wp\/v2\/media\/14106"}],"wp:attachment":[{"href":"https:\/\/www.editionkeiper.at\/shop\/wp-json\/wp\/v2\/media?parent=14028"}],"wp:term":[{"taxonomy":"brand","embeddable":true,"href":"https:\/\/www.editionkeiper.at\/shop\/wp-json\/wp\/v2\/etheme_brands?post=14028"},{"taxonomy":"product_brand","embeddable":true,"href":"https:\/\/www.editionkeiper.at\/shop\/wp-json\/wp\/v2\/product_brand?post=14028"},{"taxonomy":"product_cat","embeddable":true,"href":"https:\/\/www.editionkeiper.at\/shop\/wp-json\/wp\/v2\/product_cat?post=14028"},{"taxonomy":"product_tag","embeddable":true,"href":"https:\/\/www.editionkeiper.at\/shop\/wp-json\/wp\/v2\/product_tag?post=14028"},{"taxonomy":"yst_prominent_words","embeddable":true,"href":"https:\/\/www.editionkeiper.at\/shop\/wp-json\/wp\/v2\/yst_prominent_words?post=14028"}],"curies":[{"name":"wp","href":"https:\/\/api.w.org\/{rel}","templated":true}]}}