{"id":1003,"date":"2012-09-22T14:20:26","date_gmt":"2012-09-22T12:20:26","guid":{"rendered":"https:\/\/www.editionkeiper.at\/shop\/produkt\/aus-dem-effeff\/"},"modified":"2021-03-08T14:58:28","modified_gmt":"2021-03-08T13:58:28","slug":"aus-dem-effeff","status":"publish","type":"product","link":"https:\/\/www.editionkeiper.at\/shop\/produkt\/aus-dem-effeff\/","title":{"rendered":"Aus dem Effeff"},"content":{"rendered":"<h2>Aus dem Effeff<\/h2>\n<p><strong>Spr\u00fcche, Widerspr\u00fcche, Gegenspr\u00fcche<\/strong><\/p>\n<p>von <strong><a href=\"https:\/\/www.editionkeiper.at\/shop\/zapotoczky-hans-georg\/\">Hans Georg Zapotoczky<\/a><br \/>\n<\/strong><\/p>\n<p>Illustriert von Heiden, Brigitte<\/p>\n<p>Hans Georg Zapotoczkys spitzfindige Aphorismen inspirieren und irritieren ebenso wie die dazu entstandenen au\u00dfergew\u00f6hnlichen Illustrationen von Brigitte Heiden. In diesem Buch erg\u00e4nzen Texte und Bilder einander zu einem einzigartigen Lesevergn\u00fcgen, das die Leser und Leserinnen zu neuen und \u00fcberraschenden Betrachtungsweisen von scheinbar Offensichtlichem f\u00fchren wird. Tauchen Sie ein in genussvolles Lesen und Schauen!<\/p>\n<p>&nbsp;<\/p>\n<p><strong>Preis:<\/strong> AT \u20ac 19,80 \/ DE \u20ac 19.26<\/p>\n<p><strong>Seiten:<\/strong>\u00a0128<\/p>\n<p><strong>ISBN13:<\/strong>\u00a0978-3-902901-04-0<\/p>\n<p><strong>Erscheinungsdatum:<\/strong>\u00a022.09.2012<\/p>\n<p><strong>Sprache:<\/strong>\u00a0Deutsch<\/p>\n<p><strong>Format:<\/strong>\u00a024,0 x 17,0 cm;\u00a0Gebunden;\u00a0Buch fester Einband (Hardcover)<\/p>\n<p>85 Illustration(en), farbig<\/p>\n","protected":false},"excerpt":{"rendered":"<p>Hans Georg Zapotoczkys spitzfindige Aphorismen inspirieren und irritieren ebenso wie die dazu entstandenen au\u00dfergew\u00f6hnlichen Illustrationen von Brigitte Heiden.<\/p>\n","protected":false},"featured_media":1589,"comment_status":"closed","ping_status":"closed","template":"","meta":[],"etheme_brands":[],"product_brand":[],"product_cat":[3683],"product_tag":[],"yst_prominent_words":[],"class_list":{"0":"post-1003","1":"product","2":"type-product","3":"status-publish","4":"has-post-thumbnail","6":"product_cat-aphorismen","8":"first","9":"instock","10":"shipping-taxable","11":"purchasable","12":"product-type-simple"},"_links":{"self":[{"href":"https:\/\/www.editionkeiper.at\/shop\/wp-json\/wp\/v2\/product\/1003","targetHints":{"allow":["GET"]}}],"collection":[{"href":"https:\/\/www.editionkeiper.at\/shop\/wp-json\/wp\/v2\/product"}],"about":[{"href":"https:\/\/www.editionkeiper.at\/shop\/wp-json\/wp\/v2\/types\/product"}],"replies":[{"embeddable":true,"href":"https:\/\/www.editionkeiper.at\/shop\/wp-json\/wp\/v2\/comments?post=1003"}],"wp:featuredmedia":[{"embeddable":true,"href":"https:\/\/www.editionkeiper.at\/shop\/wp-json\/wp\/v2\/media\/1589"}],"wp:attachment":[{"href":"https:\/\/www.editionkeiper.at\/shop\/wp-json\/wp\/v2\/media?parent=1003"}],"wp:term":[{"taxonomy":"brand","embeddable":true,"href":"https:\/\/www.editionkeiper.at\/shop\/wp-json\/wp\/v2\/etheme_brands?post=1003"},{"taxonomy":"product_brand","embeddable":true,"href":"https:\/\/www.editionkeiper.at\/shop\/wp-json\/wp\/v2\/product_brand?post=1003"},{"taxonomy":"product_cat","embeddable":true,"href":"https:\/\/www.editionkeiper.at\/shop\/wp-json\/wp\/v2\/product_cat?post=1003"},{"taxonomy":"product_tag","embeddable":true,"href":"https:\/\/www.editionkeiper.at\/shop\/wp-json\/wp\/v2\/product_tag?post=1003"},{"taxonomy":"yst_prominent_words","embeddable":true,"href":"https:\/\/www.editionkeiper.at\/shop\/wp-json\/wp\/v2\/yst_prominent_words?post=1003"}],"curies":[{"name":"wp","href":"https:\/\/api.w.org\/{rel}","templated":true}]}}