{"id":16162,"date":"2026-01-27T12:50:30","date_gmt":"2026-01-27T11:50:30","guid":{"rendered":"https:\/\/www.editionkeiper.at\/shop\/?post_type=mec-events&#038;p=16162"},"modified":"2026-01-27T12:50:30","modified_gmt":"2026-01-27T11:50:30","slug":"sandra-pioro-liest-im-rahmen-der-veranstaltungsreihe-tirol-erinnert-in-der-wagnerschen-buchhandlung-in-innsbruck","status":"publish","type":"mec-events","link":"https:\/\/www.editionkeiper.at\/shop\/events\/sandra-pioro-liest-im-rahmen-der-veranstaltungsreihe-tirol-erinnert-in-der-wagnerschen-buchhandlung-in-innsbruck\/","title":{"rendered":"Sandra Pioro liest im Rahmen der Veranstaltungsreihe &#8222;Tirol erinnert&#8220; in der Wagner&#8217;schen Buchhandlung in Innsbruck"},"content":{"rendered":"<blockquote>\n<div class=\"WordSection1\">\n<div><b>Erinnern hei\u00dft Handeln \u2013 gegen das Vergessen und f\u00fcr eine lebendige Erinnerungskultur.<\/b><\/div>\n<\/div>\n<div>\n<blockquote>\n<div class=\"WordSection1\">\n<div>Sandra Pioro erz\u00e4hlt ihre pers\u00f6nliche Geschichte als Mitglied einer Generation, die man als Kriegsenkel bezeichnet. Sie begibt sich auf die Spurensuche ihrer Familie und ihres Vaters, der als Jugendlicher die Konzentrationslager \u00fcberlebte und 1991 spurlos verschwand. Mit jeder neuen Information, die sie zutage f\u00fchrt, durchbricht sie das Schweigen ihrer Familie und kann ihre eigene Identit\u00e4t finden: als Tochter eines Auschwitz-\u00dcberlebenden, als K\u00fcnstlerin und als j\u00fcdische Frau.<\/div>\n<\/div>\n<div><a href=\"https:\/\/www.tirol.gv.at\/kunst-kultur\/vom-gauhaus-zum-landhaus\/veranstaltungen-zu-tirol-erinnert\/termin\/nie-mehr-still\/\">https:\/\/www.tirol.gv.at\/kunst-kultur\/vom-gauhaus-zum-landhaus\/veranstaltungen-zu-tirol-erinnert\/termin\/nie-mehr-still\/<\/a><\/div>\n<\/blockquote>\n<\/div>\n<\/blockquote>\n","protected":false},"excerpt":{"rendered":"<p>Erinnern hei\u00dft Handeln \u2013 gegen das Vergessen und f\u00fcr eine lebendige Erinnerungskultur. Sandra Pioro erz\u00e4hlt ihre pers\u00f6nliche Geschichte als Mitglied einer Generation, die man als&#8230;<\/p>\n","protected":false},"author":4,"featured_media":15600,"comment_status":"closed","ping_status":"closed","template":"","tags":[],"mec_category":[3986],"mec_speaker":[],"class_list":["post-16162","mec-events","type-mec-events","status-publish","has-post-thumbnail","hentry","mec_category-lesung"],"_links":{"self":[{"href":"https:\/\/www.editionkeiper.at\/shop\/wp-json\/wp\/v2\/mec-events\/16162","targetHints":{"allow":["GET"]}}],"collection":[{"href":"https:\/\/www.editionkeiper.at\/shop\/wp-json\/wp\/v2\/mec-events"}],"about":[{"href":"https:\/\/www.editionkeiper.at\/shop\/wp-json\/wp\/v2\/types\/mec-events"}],"author":[{"embeddable":true,"href":"https:\/\/www.editionkeiper.at\/shop\/wp-json\/wp\/v2\/users\/4"}],"replies":[{"embeddable":true,"href":"https:\/\/www.editionkeiper.at\/shop\/wp-json\/wp\/v2\/comments?post=16162"}],"wp:featuredmedia":[{"embeddable":true,"href":"https:\/\/www.editionkeiper.at\/shop\/wp-json\/wp\/v2\/media\/15600"}],"wp:attachment":[{"href":"https:\/\/www.editionkeiper.at\/shop\/wp-json\/wp\/v2\/media?parent=16162"}],"wp:term":[{"taxonomy":"post_tag","embeddable":true,"href":"https:\/\/www.editionkeiper.at\/shop\/wp-json\/wp\/v2\/tags?post=16162"},{"taxonomy":"mec_category","embeddable":true,"href":"https:\/\/www.editionkeiper.at\/shop\/wp-json\/wp\/v2\/mec_category?post=16162"},{"taxonomy":"mec_speaker","embeddable":true,"href":"https:\/\/www.editionkeiper.at\/shop\/wp-json\/wp\/v2\/mec_speaker?post=16162"}],"curies":[{"name":"wp","href":"https:\/\/api.w.org\/{rel}","templated":true}]}}